{"id":14,"date":"2026-07-19T09:05:19","date_gmt":"2026-07-19T06:05:19","guid":{"rendered":"https:\/\/aamulennon.fi\/?page_id=14"},"modified":"2026-07-24T22:33:21","modified_gmt":"2026-07-24T19:33:21","slug":"tietoa-kasvattajasta","status":"publish","type":"page","link":"https:\/\/aamulennon.fi\/?page_id=14","title":{"rendered":"Kasvattaja"},"content":{"rendered":"\n<h2 class=\"wp-block-heading has-text-align-center\">Tommi Lainas<\/h2>\n\n\n\n<div class=\"wp-block-columns is-not-stacked-on-mobile is-layout-flex wp-container-core-columns-is-layout-794e3cfa wp-block-columns-is-layout-flex\">\n<div class=\"wp-block-column is-layout-flow wp-block-column-is-layout-flow\">\n<div class=\"wp-block-columns is-layout-flex wp-container-core-columns-is-layout-794e3cfa wp-block-columns-is-layout-flex\">\n<div class=\"wp-block-column is-layout-flow wp-block-column-is-layout-flow\">\n<p class=\"has-text-align-left has-medium-font-size wp-block-paragraph\">Olen syntynyt Rovaniemell\u00e4 ja sittemmin opiskelujen my\u00f6t\u00e4 j\u00e4\u00e4nyt asustelemaan Oulun seudulle. Perheeseen kuuluu Ebenin lis\u00e4ksi vaimo ja kolme lasta, joista vanhin on aloittanut mets\u00e4stysharrastuksen t\u00e4n\u00e4 syksyn\u00e4.&nbsp;<\/p>\n\n\n\n<p class=\"has-medium-font-size wp-block-paragraph\">Olen intohimoinen mets\u00e4st\u00e4j\u00e4. Nuoruuteni juoksin erilaisten pallojen per\u00e4ss\u00e4 ja liotin uistinta. Lukioi\u00e4ss\u00e4 kalastuksen rinnalle tuli my\u00f6s mets\u00e4stys, joka tuli vuosi vuodelta entist\u00e4 t\u00e4rke\u00e4mm\u00e4ksi harrastukseksi.&nbsp;<\/p>\n\n\n\n<p class=\"has-medium-font-size wp-block-paragraph\">Varhaislapsuudesta asti olen ollut eritt\u00e4in allerginen koirille ja allergisoitunut meill\u00e4 silloin olleelle spanielille niin pahoin, ett\u00e4 koirasta piti luopua. Olen kuitenkin saanut pyyt\u00e4\u00e4 vuosien varrella jahtikavereitteni upeilla koirilla. Mets\u00e4st\u00e4j\u00e4n ja mets\u00e4styskoiran yhteisty\u00f6 on mielest\u00e4ni yksi upeimmista asioista mets\u00e4styksess\u00e4. Tuli saalista tai ei t\u00e4m\u00e4 symbioosi on jotain hyvin alkukantaista, jotain mit\u00e4 kunnioita ja ihailen syv\u00e4sti.&nbsp;<\/p>\n\n\n\n<p class=\"has-medium-font-size wp-block-paragraph\">Olin jo kauan aikaa sitten hyl\u00e4nnyt haaveeni omasta mets\u00e4styskoirasta, kunnes ty\u00f6ntekoni hankaloitui asiakkaideni vaatteiden mukana tulleiden koiran allergeenien vuoksi. Sain l\u00e4hetteen sied\u00e4tyshoitoon ja kyll\u00e4: pystyin jatkamaan t\u00f6it\u00e4ni, pystyin nukkumaan koiran kanssa saman katon alla mets\u00e4tysreissuilla ja KYLL\u00c4: pystyin lopulta totetuttamaan oman unelmani: hankkimaan oman mets\u00e4styskoiran.&nbsp;<\/p>\n\n\n\n<p class=\"has-medium-font-size wp-block-paragraph\">Mutta mik\u00e4 koira? Kuten jo aiemmin mainitsin olen p\u00e4\u00e4ssyt pyyt\u00e4m\u00e4\u00e4n hienoilla seisojilla, ajokoirilla, pystykorvilla sek\u00e4 noutajilla. Muistan ihailleeni kaverin vanhempien k\u00e4ytt\u00f6valiolabbista, joka etsi muutamassa sekunnissa meid\u00e4n piilottaman saalisteeren. Kun punnitsin vaihtoehtoja totesin minun mets\u00e4styksess\u00e4 koiran tarpeen olevan p\u00e4\u00e4asiassa saaliin l\u00f6yt\u00e4j\u00e4n\u00e4. Lis\u00e4ksi koiran pit\u00e4isi siet\u00e4\u00e4 hyvin lapsiperheen arkea. Niinp\u00e4 rotua ei tarvinnut sen enemp\u00e4\u00e4 pohtia.&nbsp;<\/p>\n\n\n\n<p class=\"has-medium-font-size wp-block-paragraph\">Eben tuli meille juuri sied\u00e4tyksen p\u00e4\u00e4tytty\u00e4 ja olen Maaritille todella kiitollinen t\u00e4st\u00e4. Ebenist\u00e4 alettiin heti rakentaa m\u00e4\u00e4r\u00e4tietoisesti mets\u00e4styskoiraa, mit\u00e4 koira selv\u00e4sti olikin heti alusta asti. Ensimm\u00e4iset l\u00e4mpim\u00e4t kyyhkyt koira toimitti minulle puolen vuoden i\u00e4ss\u00e4. Koiran kehittyess\u00e4 ja kasvaessa huomasin kiinnostuneeni my\u00f6s rodunomaisista lajeista ja noteerasin Ebenin suuren potentiaalin my\u00f6s p\u00e4rj\u00e4t\u00e4 n\u00e4iss\u00e4. Koira osasi perusasiat hyvin jo hyvin nuorena.<\/p>\n\n\n\n<p class=\"has-medium-font-size wp-block-paragraph\">Koekoiran kasvattaminen mets\u00e4styskoirasta ei kokemattomalle ohjaajalle ole kuitenkaan helppo homma ja kalavelkoja maksellaan viel\u00e4.&nbsp;<\/p>\n\n\n\n<p class=\"has-medium-font-size wp-block-paragraph\">Joka tapauksessa Eben on upea mets\u00e4styskoira ja perheenj\u00e4sen &#8211; ominaisuuksiltaan ja terveydelt\u00e4\u00e4n jalostukseen eritt\u00e4in sopiva yksil\u00f6, josta tulee kennelin kantanarttu.<\/p>\n<\/div>\n\n\n\n<div class=\"wp-block-column is-layout-flow wp-block-column-is-layout-flow\">\n<figure class=\"wp-block-image size-large wp-duotone-midnight-filter\"><img loading=\"lazy\" decoding=\"async\" width=\"683\" height=\"1024\" src=\"https:\/\/aamulennon.fi\/wp-content\/uploads\/2026\/07\/000_3169-683x1024.jpg\" alt=\"\" class=\"wp-image-54\" srcset=\"https:\/\/aamulennon.fi\/wp-content\/uploads\/2026\/07\/000_3169-683x1024.jpg 683w, https:\/\/aamulennon.fi\/wp-content\/uploads\/2026\/07\/000_3169-200x300.jpg 200w, https:\/\/aamulennon.fi\/wp-content\/uploads\/2026\/07\/000_3169-768x1152.jpg 768w, https:\/\/aamulennon.fi\/wp-content\/uploads\/2026\/07\/000_3169-1024x1536.jpg 1024w, https:\/\/aamulennon.fi\/wp-content\/uploads\/2026\/07\/000_3169-1366x2048.jpg 1366w, https:\/\/aamulennon.fi\/wp-content\/uploads\/2026\/07\/000_3169-scaled.jpg 1707w\" sizes=\"auto, (max-width: 683px) 100vw, 683px\" \/><\/figure>\n<\/div>\n<\/div>\n<\/div>\n<\/div>\n","protected":false},"excerpt":{"rendered":"<p>Tommi Lainas Olen syntynyt Rovaniemell\u00e4 ja sittemmin opiskelujen my\u00f6t\u00e4 j\u00e4\u00e4nyt asustelemaan Oulun seudulle. Perheeseen kuuluu Ebenin lis\u00e4ksi vaimo ja kolme lasta, joista vanhin on aloittanut mets\u00e4stysharrastuksen t\u00e4n\u00e4 syksyn\u00e4.&nbsp; Olen intohimoinen mets\u00e4st\u00e4j\u00e4. Nuoruuteni juoksin erilaisten pallojen per\u00e4ss\u00e4 ja liotin uistinta. Lukioi\u00e4ss\u00e4 kalastuksen rinnalle tuli my\u00f6s mets\u00e4stys, joka tuli vuosi vuodelta entist\u00e4 t\u00e4rke\u00e4mm\u00e4ksi harrastukseksi.&nbsp; Varhaislapsuudesta asti olen [&hellip;]<\/p>\n","protected":false},"author":1,"featured_media":0,"parent":0,"menu_order":0,"comment_status":"closed","ping_status":"closed","template":"","meta":{"footnotes":""},"class_list":["post-14","page","type-page","status-publish","hentry"],"_links":{"self":[{"href":"https:\/\/aamulennon.fi\/index.php?rest_route=\/wp\/v2\/pages\/14","targetHints":{"allow":["GET"]}}],"collection":[{"href":"https:\/\/aamulennon.fi\/index.php?rest_route=\/wp\/v2\/pages"}],"about":[{"href":"https:\/\/aamulennon.fi\/index.php?rest_route=\/wp\/v2\/types\/page"}],"author":[{"embeddable":true,"href":"https:\/\/aamulennon.fi\/index.php?rest_route=\/wp\/v2\/users\/1"}],"replies":[{"embeddable":true,"href":"https:\/\/aamulennon.fi\/index.php?rest_route=%2Fwp%2Fv2%2Fcomments&post=14"}],"version-history":[{"count":7,"href":"https:\/\/aamulennon.fi\/index.php?rest_route=\/wp\/v2\/pages\/14\/revisions"}],"predecessor-version":[{"id":103,"href":"https:\/\/aamulennon.fi\/index.php?rest_route=\/wp\/v2\/pages\/14\/revisions\/103"}],"wp:attachment":[{"href":"https:\/\/aamulennon.fi\/index.php?rest_route=%2Fwp%2Fv2%2Fmedia&parent=14"}],"curies":[{"name":"wp","href":"https:\/\/api.w.org\/{rel}","templated":true}]}}